{"id":11,"date":"2012-02-20T11:22:25","date_gmt":"2012-02-20T10:22:25","guid":{"rendered":"https:\/\/www.benilloba.es\/?page_id=11"},"modified":"2023-06-28T10:41:08","modified_gmt":"2023-06-28T08:41:08","slug":"equipo-de-gobierno","status":"publish","type":"page","link":"https:\/\/www.xalo.org\/es\/el-ayuntamiento\/equipo-de-gobierno\/","title":{"rendered":"Corporaci\u00f3n Municipal"},"content":{"rendered":"<p>\n<table id=\"tablepress-26\" class=\"tablepress tablepress-id-26\">\n<thead>\n<tr class=\"row-1\">\n\t<th class=\"column-1\"><strong>Joan Miquel Garc\u00e9s Font<\/strong><br \/>\n<br \/>\n<strong>Lorena Blasco i Sanchez<\/strong><br \/>\n<br \/>\n<strong>Cornelia Maria Lekkerkerk<\/strong><br \/>\n<br \/>\n<strong>Ferran Vila Vives<\/strong><br \/>\n<br \/>\n<strong>Lara Avell\u00e1 Terenti<\/strong><br \/>\n<br \/>\n<strong>Sara Tro Jorro<\/strong><br \/>\n<br \/>\n<strong>Eugenia Mestre Monserrat<\/strong><\/th><th class=\"column-2\">Concejalas y concejales del grupo <strong>Comprom\u00eds per Xal\u00f3<\/strong><\/th>\n<\/tr>\n<\/thead>\n<tbody class=\"row-striping row-hover\">\n<tr class=\"row-2\">\n\t<td class=\"column-1\"><strong>Juan Bautista Terent\u00ed Vives<\/strong><br \/>\n<br \/>\n<\/td><td class=\"column-2\"><strong>Concejal y concejal del grupo PSPV-PSOE<\/strong><\/td>\n<\/tr>\n<tr class=\"row-3\">\n\t<td class=\"column-1\"><strong>Antonia Fullana Fullana<\/strong><br \/>\n<br \/>\n<\/td><td class=\"column-2\"><\/td>\n<\/tr>\n<tr class=\"row-4\">\n\t<td class=\"column-1\"><strong>Bartolom\u00e9 Montserrat Ausina<\/strong><br \/>\n<br \/>\n<\/td><td class=\"column-2\"><strong>Concejales del grupo Partit Popular<\/strong><\/td>\n<\/tr>\n<tr class=\"row-5\">\n\t<td class=\"column-1\"><strong>Jose \u00d3scar Puig Femen\u00eda<\/strong><br \/>\n<\/td><td class=\"column-2\"><\/td>\n<\/tr>\n<\/tbody>\n<\/table>\n<\/p>","protected":false},"excerpt":{"rendered":"","protected":false},"author":1,"featured_media":0,"parent":329,"menu_order":2,"comment_status":"open","ping_status":"closed","template":"","meta":{"_et_pb_use_builder":"","_et_pb_old_content":"","_et_gb_content_width":"","_uf_show_specific_survey":0,"_uf_disable_surveys":false,"footnotes":""},"class_list":["post-11","page","type-page","status-publish","hentry"],"yoast_head":"<!-- This site is optimized with the Yoast SEO plugin v28.3 - https:\/\/yoast.com\/product\/yoast-seo-wordpress\/ -->\n<title>Corporaci\u00f3n Municipal - Ayto. Xal\u00f3<\/title>\n<meta name=\"robots\" content=\"index, follow, max-snippet:-1, max-image-preview:large, max-video-preview:-1\" \/>\n<link rel=\"canonical\" href=\"https:\/\/www.xalo.org\/el-ayuntamiento\/equipo-de-gobierno\/\" \/>\n<meta property=\"og:locale\" content=\"es_ES\" \/>\n<meta property=\"og:type\" content=\"article\" \/>\n<meta property=\"og:title\" content=\"[:va]Corporaci\u00f3 Municipal[:es]Corporaci\u00f3n Municipal[:en]Municipal Corporation[:] - Ayto. Xal\u00f3\" \/>\n<meta property=\"og:url\" content=\"https:\/\/www.xalo.org\/el-ayuntamiento\/equipo-de-gobierno\/\" \/>\n<meta property=\"og:site_name\" content=\"Ayto. Xal\u00f3\" \/>\n<meta property=\"article:modified_time\" content=\"2023-06-28T08:41:08+00:00\" \/>\n<meta property=\"og:image\" content=\"https:\/\/www.xalo.org\/wp-content\/uploads\/2023\/06\/versio-alineada-esq-blau.jpg\" \/>\n\t<meta property=\"og:image:width\" content=\"1781\" \/>\n\t<meta property=\"og:image:height\" content=\"615\" \/>\n\t<meta property=\"og:image:type\" content=\"image\/jpeg\" \/>\n<meta name=\"twitter:card\" content=\"summary_large_image\" \/>\n<meta name=\"twitter:label1\" content=\"Tiempo de lectura\" \/>\n\t<meta name=\"twitter:data1\" content=\"1 minuto\" \/>\n<script type=\"application\/ld+json\" class=\"yoast-schema-graph\">{\"@context\":\"https:\\\/\\\/schema.org\",\"@graph\":[{\"@type\":\"WebPage\",\"@id\":\"https:\\\/\\\/www.xalo.org\\\/el-ayuntamiento\\\/equipo-de-gobierno\\\/\",\"url\":\"https:\\\/\\\/www.xalo.org\\\/el-ayuntamiento\\\/equipo-de-gobierno\\\/\",\"name\":\"[:va]Corporaci\u00f3 Municipal[:es]Corporaci\u00f3n Municipal[:en]Municipal Corporation[:] - Ayto. Xal\u00f3\",\"isPartOf\":{\"@id\":\"https:\\\/\\\/www.xalo.org\\\/#website\"},\"datePublished\":\"2012-02-20T10:22:25+00:00\",\"dateModified\":\"2023-06-28T08:41:08+00:00\",\"breadcrumb\":{\"@id\":\"https:\\\/\\\/www.xalo.org\\\/el-ayuntamiento\\\/equipo-de-gobierno\\\/#breadcrumb\"},\"inLanguage\":\"es\",\"potentialAction\":[{\"@type\":\"ReadAction\",\"target\":[\"https:\\\/\\\/www.xalo.org\\\/el-ayuntamiento\\\/equipo-de-gobierno\\\/\"]}]},{\"@type\":\"BreadcrumbList\",\"@id\":\"https:\\\/\\\/www.xalo.org\\\/el-ayuntamiento\\\/equipo-de-gobierno\\\/#breadcrumb\",\"itemListElement\":[{\"@type\":\"ListItem\",\"position\":1,\"name\":\"Home\",\"item\":\"https:\\\/\\\/www.xalo.org\\\/\"},{\"@type\":\"ListItem\",\"position\":2,\"name\":\"El Ayuntamiento\",\"item\":\"https:\\\/\\\/www.xalo.org\\\/es\\\/el-ayuntamiento\\\/\"},{\"@type\":\"ListItem\",\"position\":3,\"name\":\"Corporaci\u00f3n Municipal\"}]},{\"@type\":\"WebSite\",\"@id\":\"https:\\\/\\\/www.xalo.org\\\/#website\",\"url\":\"https:\\\/\\\/www.xalo.org\\\/\",\"name\":\"Ajuntament de Xalo\",\"description\":\"(Valenci\u00e0) Ajuntament de Xal\u00f3\",\"publisher\":{\"@id\":\"https:\\\/\\\/www.xalo.org\\\/#organization\"},\"potentialAction\":[{\"@type\":\"SearchAction\",\"target\":{\"@type\":\"EntryPoint\",\"urlTemplate\":\"https:\\\/\\\/www.xalo.org\\\/?s={search_term_string}\"},\"query-input\":{\"@type\":\"PropertyValueSpecification\",\"valueRequired\":true,\"valueName\":\"search_term_string\"}}],\"inLanguage\":\"es\"},{\"@type\":\"Organization\",\"@id\":\"https:\\\/\\\/www.xalo.org\\\/#organization\",\"name\":\"Ajuntament de Xalo\",\"url\":\"https:\\\/\\\/www.xalo.org\\\/\",\"logo\":{\"@type\":\"ImageObject\",\"inLanguage\":\"es\",\"@id\":\"https:\\\/\\\/www.xalo.org\\\/#\\\/schema\\\/logo\\\/image\\\/\",\"url\":\"https:\\\/\\\/www.xalo.org\\\/wp-content\\\/uploads\\\/2015\\\/12\\\/logo.png\",\"contentUrl\":\"https:\\\/\\\/www.xalo.org\\\/wp-content\\\/uploads\\\/2015\\\/12\\\/logo.png\",\"width\":180,\"height\":172,\"caption\":\"Ajuntament de Xalo\"},\"image\":{\"@id\":\"https:\\\/\\\/www.xalo.org\\\/#\\\/schema\\\/logo\\\/image\\\/\"}}]}<\/script>\n<!-- \/ Yoast SEO plugin. -->","yoast_head_json":{"title":"[:va]Corporaci\u00f3 Municipal[:es]Corporaci\u00f3n Municipal[:en]Municipal Corporation[:] - Ayto. Xal\u00f3","robots":{"index":"index","follow":"follow","max-snippet":"max-snippet:-1","max-image-preview":"max-image-preview:large","max-video-preview":"max-video-preview:-1"},"canonical":"https:\/\/www.xalo.org\/el-ayuntamiento\/equipo-de-gobierno\/","og_locale":"es_ES","og_type":"article","og_title":"[:va]Corporaci\u00f3 Municipal[:es]Corporaci\u00f3n Municipal[:en]Municipal Corporation[:] - Ayto. Xal\u00f3","og_url":"https:\/\/www.xalo.org\/el-ayuntamiento\/equipo-de-gobierno\/","og_site_name":"Ayto. Xal\u00f3","article_modified_time":"2023-06-28T08:41:08+00:00","og_image":[{"width":1781,"height":615,"url":"https:\/\/www.xalo.org\/wp-content\/uploads\/2023\/06\/versio-alineada-esq-blau.jpg","type":"image\/jpeg"}],"twitter_card":"summary_large_image","twitter_misc":{"Tiempo de lectura":"1 minuto"},"schema":{"@context":"https:\/\/schema.org","@graph":[{"@type":"WebPage","@id":"https:\/\/www.xalo.org\/el-ayuntamiento\/equipo-de-gobierno\/","url":"https:\/\/www.xalo.org\/el-ayuntamiento\/equipo-de-gobierno\/","name":"[:va]Corporaci\u00f3 Municipal[:es]Corporaci\u00f3n Municipal[:en]Municipal Corporation[:] - Ayto. Xal\u00f3","isPartOf":{"@id":"https:\/\/www.xalo.org\/#website"},"datePublished":"2012-02-20T10:22:25+00:00","dateModified":"2023-06-28T08:41:08+00:00","breadcrumb":{"@id":"https:\/\/www.xalo.org\/el-ayuntamiento\/equipo-de-gobierno\/#breadcrumb"},"inLanguage":"es","potentialAction":[{"@type":"ReadAction","target":["https:\/\/www.xalo.org\/el-ayuntamiento\/equipo-de-gobierno\/"]}]},{"@type":"BreadcrumbList","@id":"https:\/\/www.xalo.org\/el-ayuntamiento\/equipo-de-gobierno\/#breadcrumb","itemListElement":[{"@type":"ListItem","position":1,"name":"Home","item":"https:\/\/www.xalo.org\/"},{"@type":"ListItem","position":2,"name":"El Ayuntamiento","item":"https:\/\/www.xalo.org\/es\/el-ayuntamiento\/"},{"@type":"ListItem","position":3,"name":"Corporaci\u00f3n Municipal"}]},{"@type":"WebSite","@id":"https:\/\/www.xalo.org\/#website","url":"https:\/\/www.xalo.org\/","name":"Ajuntament de Xalo","description":"(Valenci\u00e0) Ajuntament de Xal\u00f3","publisher":{"@id":"https:\/\/www.xalo.org\/#organization"},"potentialAction":[{"@type":"SearchAction","target":{"@type":"EntryPoint","urlTemplate":"https:\/\/www.xalo.org\/?s={search_term_string}"},"query-input":{"@type":"PropertyValueSpecification","valueRequired":true,"valueName":"search_term_string"}}],"inLanguage":"es"},{"@type":"Organization","@id":"https:\/\/www.xalo.org\/#organization","name":"Ajuntament de Xalo","url":"https:\/\/www.xalo.org\/","logo":{"@type":"ImageObject","inLanguage":"es","@id":"https:\/\/www.xalo.org\/#\/schema\/logo\/image\/","url":"https:\/\/www.xalo.org\/wp-content\/uploads\/2015\/12\/logo.png","contentUrl":"https:\/\/www.xalo.org\/wp-content\/uploads\/2015\/12\/logo.png","width":180,"height":172,"caption":"Ajuntament de Xalo"},"image":{"@id":"https:\/\/www.xalo.org\/#\/schema\/logo\/image\/"}}]}},"_links":{"self":[{"href":"https:\/\/www.xalo.org\/es\/wp-json\/wp\/v2\/pages\/11","targetHints":{"allow":["GET"]}}],"collection":[{"href":"https:\/\/www.xalo.org\/es\/wp-json\/wp\/v2\/pages"}],"about":[{"href":"https:\/\/www.xalo.org\/es\/wp-json\/wp\/v2\/types\/page"}],"author":[{"embeddable":true,"href":"https:\/\/www.xalo.org\/es\/wp-json\/wp\/v2\/users\/1"}],"replies":[{"embeddable":true,"href":"https:\/\/www.xalo.org\/es\/wp-json\/wp\/v2\/comments?post=11"}],"version-history":[{"count":0,"href":"https:\/\/www.xalo.org\/es\/wp-json\/wp\/v2\/pages\/11\/revisions"}],"up":[{"embeddable":true,"href":"https:\/\/www.xalo.org\/es\/wp-json\/wp\/v2\/pages\/329"}],"wp:attachment":[{"href":"https:\/\/www.xalo.org\/es\/wp-json\/wp\/v2\/media?parent=11"}],"curies":[{"name":"wp","href":"https:\/\/api.w.org\/{rel}","templated":true}]}}