{"id":409,"date":"2013-09-18T10:57:43","date_gmt":"2013-09-18T08:57:43","guid":{"rendered":"https:\/\/www.xalo.org\/?page_id=409"},"modified":"2023-06-28T11:00:08","modified_gmt":"2023-06-28T09:00:08","slug":"regidories","status":"publish","type":"page","link":"https:\/\/www.xalo.org\/es\/el-ayuntamiento\/regidories\/","title":{"rendered":"Concejal\u00edas"},"content":{"rendered":"<p>&nbsp;<\/p>\n<p>\n<table id=\"tablepress-27\" class=\"tablepress tablepress-id-27 tablepress-responsive\">\n<tbody class=\"row-striping row-hover\">\n<tr class=\"row-1\">\n\t<td class=\"column-1\"><strong>Joan Miquel Garc\u00e9s Font<\/strong><\/td><td class=\"column-2\">Alcald\u00eda<br \/>\n<br \/>\nResiduos s\u00f3lidos, R\u00e9gimen interno, Obras y Servicios, Urbanismo y sostenibildad, Servicio p\u00fablico de abastecimiento de aguas y el resto de competencias.<\/td><td class=\"column-3\"><a href=\"mailto:alcaldia@xalo.org\">alcaldia@xalo.org<\/a><\/td>\n<\/tr>\n<tr class=\"row-2\">\n\t<td class=\"column-1\"><strong>Lorena Blasco i S\u00e1nchez<\/strong><br \/>\n<\/td><td class=\"column-2\">Primera teniente de alcalde.<br \/>\n<br \/>\nServicios, Fiestas, Diversidad, Feminismo y Comunicaci\u00f3n.<\/td><td class=\"column-3\"><a href=\"mailto:lorena@xalo.org\">lorena@xalo.org<\/a><br \/>\n<\/td>\n<\/tr>\n<tr class=\"row-3\">\n\t<td class=\"column-1\"><strong>Ferran Vila Vives<\/strong><\/td><td class=\"column-2\">Segundo teniente de alcalde.<br \/>\n<br \/>\nCultura y Comercio.<br \/>\n<\/td><td class=\"column-3\"><a href=\"mailto:info@xalo.org\">info@xalo.org<\/a><br \/>\n<br \/>\n<\/td>\n<\/tr>\n<tr class=\"row-4\">\n\t<td class=\"column-1\"><strong>Lara Avell\u00e0 Terenti<\/strong><br \/>\n<\/td><td class=\"column-2\">Tercera teniente de alcalde.<br \/>\n<br \/>\nServicios Sociales, Mayores, Sanidad, Agricultura, Polic\u00eda local y Patrimonio hist\u00f3rico.<br \/>\n<br \/>\n<\/td><td class=\"column-3\"><a href=\"mailto:info@xalo.org\">info@xalo.org<\/a><br \/>\n<\/td>\n<\/tr>\n<tr class=\"row-5\">\n\t<td class=\"column-1\"><strong>Sara Tro Jorro<\/strong><br \/>\n<\/td><td class=\"column-2\">Deportes<\/td><td class=\"column-3\"><a href=\"mailto:info@xalo.org\">info@xalo.org<\/a><\/td>\n<\/tr>\n<tr class=\"row-6\">\n\t<td class=\"column-1\"><strong>Cornelia Maria Lekkerkerk<\/strong><br \/>\n<\/td><td class=\"column-2\">Turismo y Relaciones con l@s extranjer@s.<\/td><td class=\"column-3\"><a href=\"mailto:info@xalo.org\">info@xalo.org<\/a><\/td>\n<\/tr>\n<tr class=\"row-7\">\n\t<td class=\"column-1\"><strong>Eugenia Mestre Monserrat<\/strong><\/td><td class=\"column-2\">Educaci\u00f3n, Infancia y Juventud<\/td><td class=\"column-3\"><a href=\"mailto:educacioiinfancia@xalo.org\">educacioiinfancia@xalo.org<\/a><\/td>\n<\/tr>\n<\/tbody>\n<\/table>\n<!-- #tablepress-27 from cache --><\/p>","protected":false},"excerpt":{"rendered":"<p>&nbsp;<\/p>\n","protected":false},"author":1,"featured_media":0,"parent":329,"menu_order":3,"comment_status":"closed","ping_status":"closed","template":"","meta":{"_et_pb_use_builder":"","_et_pb_old_content":"","_et_gb_content_width":"","footnotes":""},"class_list":["post-409","page","type-page","status-publish","hentry"],"aioseo_notices":[],"_links":{"self":[{"href":"https:\/\/www.xalo.org\/es\/wp-json\/wp\/v2\/pages\/409","targetHints":{"allow":["GET"]}}],"collection":[{"href":"https:\/\/www.xalo.org\/es\/wp-json\/wp\/v2\/pages"}],"about":[{"href":"https:\/\/www.xalo.org\/es\/wp-json\/wp\/v2\/types\/page"}],"author":[{"embeddable":true,"href":"https:\/\/www.xalo.org\/es\/wp-json\/wp\/v2\/users\/1"}],"replies":[{"embeddable":true,"href":"https:\/\/www.xalo.org\/es\/wp-json\/wp\/v2\/comments?post=409"}],"version-history":[{"count":0,"href":"https:\/\/www.xalo.org\/es\/wp-json\/wp\/v2\/pages\/409\/revisions"}],"up":[{"embeddable":true,"href":"https:\/\/www.xalo.org\/es\/wp-json\/wp\/v2\/pages\/329"}],"wp:attachment":[{"href":"https:\/\/www.xalo.org\/es\/wp-json\/wp\/v2\/media?parent=409"}],"curies":[{"name":"wp","href":"https:\/\/api.w.org\/{rel}","templated":true}]}}