{"id":824,"date":"2013-09-24T08:38:49","date_gmt":"2013-09-24T06:38:49","guid":{"rendered":"https:\/\/www.xalo.org\/?page_id=824"},"modified":"2022-07-12T16:45:38","modified_gmt":"2022-07-12T14:45:38","slug":"comerc-i-artesania","status":"publish","type":"page","link":"https:\/\/www.xalo.org\/es\/el-ayuntamiento\/regidories\/comerc-i-artesania\/","title":{"rendered":"Comercio"},"content":{"rendered":"<p><strong>Rastro, cada s\u00e1bado por la ma\u00f1ana<\/strong><\/p>\n<p><strong><a href=\"https:\/\/www.xalo.org\/wp-content\/uploads\/2013\/09\/IMG_7455.jpg\"><img decoding=\"async\" class=\"alignnone size-large wp-image-2446\" src=\"https:\/\/www.xalo.org\/wp-content\/uploads\/2013\/09\/IMG_7455-1024x1024.jpg\" alt=\"\" width=\"500\" height=\"500\" srcset=\"https:\/\/www.xalo.org\/wp-content\/uploads\/2013\/09\/IMG_7455-1024x1024.jpg 1024w, https:\/\/www.xalo.org\/wp-content\/uploads\/2013\/09\/IMG_7455-150x150.jpg 150w, https:\/\/www.xalo.org\/wp-content\/uploads\/2013\/09\/IMG_7455-480x480.jpg 480w\" sizes=\"(max-width: 500px) 100vw, 500px\" \/><\/a><a href=\"https:\/\/www.xalo.org\/wp-content\/uploads\/2013\/09\/981C4707-A504-434F-893D-B48694B36D62.jpg\"><img decoding=\"async\" class=\"alignnone size-large wp-image-2445\" src=\"https:\/\/www.xalo.org\/wp-content\/uploads\/2013\/09\/981C4707-A504-434F-893D-B48694B36D62-675x1024.jpg\" alt=\"\" width=\"500\" height=\"759\" srcset=\"https:\/\/www.xalo.org\/wp-content\/uploads\/2013\/09\/981C4707-A504-434F-893D-B48694B36D62-675x1024.jpg 675w, https:\/\/www.xalo.org\/wp-content\/uploads\/2013\/09\/981C4707-A504-434F-893D-B48694B36D62-316x480.jpg 316w, https:\/\/www.xalo.org\/wp-content\/uploads\/2013\/09\/981C4707-A504-434F-893D-B48694B36D62.jpg 750w\" sizes=\"(max-width: 500px) 100vw, 500px\" \/><\/a><a href=\"https:\/\/www.xalo.org\/wp-content\/uploads\/2013\/09\/0E47E78E-A5E3-4D08-B031-18CE12D4C9D6.jpg\"><img decoding=\"async\" class=\"alignnone size-large wp-image-2443\" src=\"https:\/\/www.xalo.org\/wp-content\/uploads\/2013\/09\/0E47E78E-A5E3-4D08-B031-18CE12D4C9D6-718x1024.jpg\" alt=\"\" width=\"500\" height=\"713\" srcset=\"https:\/\/www.xalo.org\/wp-content\/uploads\/2013\/09\/0E47E78E-A5E3-4D08-B031-18CE12D4C9D6-718x1024.jpg 718w, https:\/\/www.xalo.org\/wp-content\/uploads\/2013\/09\/0E47E78E-A5E3-4D08-B031-18CE12D4C9D6-337x480.jpg 337w, https:\/\/www.xalo.org\/wp-content\/uploads\/2013\/09\/0E47E78E-A5E3-4D08-B031-18CE12D4C9D6.jpg 868w\" sizes=\"(max-width: 500px) 100vw, 500px\" \/><\/a><a href=\"https:\/\/www.xalo.org\/wp-content\/uploads\/2017\/05\/8D28FBD4-DD52-4124-A19A-7F8A23249085.jpg\"><img decoding=\"async\" class=\"alignnone size-full wp-image-2416\" src=\"https:\/\/www.xalo.org\/wp-content\/uploads\/2017\/05\/8D28FBD4-DD52-4124-A19A-7F8A23249085.jpg\" alt=\"\" width=\"200\" height=\"200\" srcset=\"https:\/\/www.xalo.org\/wp-content\/uploads\/2017\/05\/8D28FBD4-DD52-4124-A19A-7F8A23249085.jpg 200w, https:\/\/www.xalo.org\/wp-content\/uploads\/2017\/05\/8D28FBD4-DD52-4124-A19A-7F8A23249085-150x150.jpg 150w\" sizes=\"(max-width: 200px) 100vw, 200px\" \/><\/a><\/strong><\/p>\n<p><strong>Mercat de la Terra<\/strong><\/p>\n<p>Todos los s\u00e1bados por la ma\u00f1ana excepto en los meses de julio y agosto en los que se celebra en horario de 19 a 23 horas.<\/p>\n<p>Un mercado centrado en l&#8217;agricultura ecol\u00f3gica y en productos tradicionales de la tierra. Tomates, lechugas, huevos, vino, mistela ecol\u00f3gicos, capazos de lata, sab\u00f3&#8230; y mucho m\u00e1s.<br \/>\nEn Facebook, en valenciano: <a href=\"https:\/\/www.facebook.com\/mercatdelaterraxalo\/\" target=\"_blank\" rel=\"noopener noreferrer\">https:\/\/www.facebook.com\/mercatdelaterraxalo\/<\/a><\/p>","protected":false},"excerpt":{"rendered":"<p>Rastro, cada s\u00e1bado por la ma\u00f1ana Mercat de la Terra Todos los s\u00e1bados por la ma\u00f1ana excepto en los meses de julio y agosto en los que se celebra en horario de 19 a 23 horas. Un mercado centrado en l&#8217;agricultura ecol\u00f3gica y en productos tradicionales de la tierra. Tomates, lechugas, huevos, vino, mistela ecol\u00f3gicos, [&hellip;]<\/p>\n","protected":false},"author":1,"featured_media":2447,"parent":409,"menu_order":3,"comment_status":"closed","ping_status":"closed","template":"","meta":{"_et_pb_use_builder":"","_et_pb_old_content":"","_et_gb_content_width":"","_uf_show_specific_survey":0,"_uf_disable_surveys":false,"footnotes":""},"class_list":["post-824","page","type-page","status-publish","has-post-thumbnail","hentry"],"yoast_head":"<!-- This site is optimized with the Yoast SEO plugin v28.3 - https:\/\/yoast.com\/product\/yoast-seo-wordpress\/ -->\n<title>Comercio - Ayto. Xal\u00f3<\/title>\n<meta name=\"robots\" content=\"index, follow, max-snippet:-1, max-image-preview:large, max-video-preview:-1\" \/>\n<link rel=\"canonical\" href=\"https:\/\/www.xalo.org\/el-ayuntamiento\/regidories\/comerc-i-artesania\/\" \/>\n<meta property=\"og:locale\" content=\"es_ES\" \/>\n<meta property=\"og:type\" content=\"article\" \/>\n<meta property=\"og:title\" content=\"[:va]Comer\u00e7[:es]Comercio[:en]Commercial sector[:] - Ayto. Xal\u00f3\" \/>\n<meta property=\"og:description\" content=\"Rastro, cada s\u00e1bado por la ma\u00f1ana Mercat de la Terra Todos los s\u00e1bados por la ma\u00f1ana excepto en los meses de julio y agosto en los que se celebra en horario de 19 a 23 horas. Un mercado centrado en l&#8217;agricultura ecol\u00f3gica y en productos tradicionales de la tierra. Tomates, lechugas, huevos, vino, mistela ecol\u00f3gicos, [&hellip;]\" \/>\n<meta property=\"og:url\" content=\"https:\/\/www.xalo.org\/el-ayuntamiento\/regidories\/comerc-i-artesania\/\" \/>\n<meta property=\"og:site_name\" content=\"Ayto. Xal\u00f3\" \/>\n<meta property=\"article:modified_time\" content=\"2022-07-12T14:45:38+00:00\" \/>\n<meta property=\"og:image\" content=\"https:\/\/www.xalo.org\/wp-content\/uploads\/2013\/09\/IMG_7385.jpg\" \/>\n\t<meta property=\"og:image:width\" content=\"1000\" \/>\n\t<meta property=\"og:image:height\" content=\"1000\" \/>\n\t<meta property=\"og:image:type\" content=\"image\/jpeg\" \/>\n<meta name=\"twitter:card\" content=\"summary_large_image\" \/>\n<meta name=\"twitter:label1\" content=\"Tiempo de lectura\" \/>\n\t<meta name=\"twitter:data1\" content=\"1 minuto\" \/>\n<script type=\"application\/ld+json\" class=\"yoast-schema-graph\">{\"@context\":\"https:\\\/\\\/schema.org\",\"@graph\":[{\"@type\":\"WebPage\",\"@id\":\"https:\\\/\\\/www.xalo.org\\\/el-ayuntamiento\\\/regidories\\\/comerc-i-artesania\\\/\",\"url\":\"https:\\\/\\\/www.xalo.org\\\/el-ayuntamiento\\\/regidories\\\/comerc-i-artesania\\\/\",\"name\":\"[:va]Comer\u00e7[:es]Comercio[:en]Commercial sector[:] - Ayto. Xal\u00f3\",\"isPartOf\":{\"@id\":\"https:\\\/\\\/www.xalo.org\\\/#website\"},\"primaryImageOfPage\":{\"@id\":\"https:\\\/\\\/www.xalo.org\\\/el-ayuntamiento\\\/regidories\\\/comerc-i-artesania\\\/#primaryimage\"},\"image\":{\"@id\":\"https:\\\/\\\/www.xalo.org\\\/el-ayuntamiento\\\/regidories\\\/comerc-i-artesania\\\/#primaryimage\"},\"thumbnailUrl\":\"https:\\\/\\\/www.xalo.org\\\/wp-content\\\/uploads\\\/2013\\\/09\\\/IMG_7385.jpg\",\"datePublished\":\"2013-09-24T06:38:49+00:00\",\"dateModified\":\"2022-07-12T14:45:38+00:00\",\"breadcrumb\":{\"@id\":\"https:\\\/\\\/www.xalo.org\\\/el-ayuntamiento\\\/regidories\\\/comerc-i-artesania\\\/#breadcrumb\"},\"inLanguage\":\"es\",\"potentialAction\":[{\"@type\":\"ReadAction\",\"target\":[\"https:\\\/\\\/www.xalo.org\\\/el-ayuntamiento\\\/regidories\\\/comerc-i-artesania\\\/\"]}]},{\"@type\":\"ImageObject\",\"inLanguage\":\"es\",\"@id\":\"https:\\\/\\\/www.xalo.org\\\/el-ayuntamiento\\\/regidories\\\/comerc-i-artesania\\\/#primaryimage\",\"url\":\"https:\\\/\\\/www.xalo.org\\\/wp-content\\\/uploads\\\/2013\\\/09\\\/IMG_7385.jpg\",\"contentUrl\":\"https:\\\/\\\/www.xalo.org\\\/wp-content\\\/uploads\\\/2013\\\/09\\\/IMG_7385.jpg\",\"width\":1000,\"height\":1000},{\"@type\":\"BreadcrumbList\",\"@id\":\"https:\\\/\\\/www.xalo.org\\\/el-ayuntamiento\\\/regidories\\\/comerc-i-artesania\\\/#breadcrumb\",\"itemListElement\":[{\"@type\":\"ListItem\",\"position\":1,\"name\":\"Home\",\"item\":\"https:\\\/\\\/www.xalo.org\\\/\"},{\"@type\":\"ListItem\",\"position\":2,\"name\":\"El Ayuntamiento\",\"item\":\"https:\\\/\\\/www.xalo.org\\\/es\\\/el-ayuntamiento\\\/\"},{\"@type\":\"ListItem\",\"position\":3,\"name\":\"Concejal\u00edas\",\"item\":\"https:\\\/\\\/www.xalo.org\\\/el-ayuntamiento\\\/regidories\\\/\"},{\"@type\":\"ListItem\",\"position\":4,\"name\":\"Commercial sector\"}]},{\"@type\":\"WebSite\",\"@id\":\"https:\\\/\\\/www.xalo.org\\\/#website\",\"url\":\"https:\\\/\\\/www.xalo.org\\\/\",\"name\":\"Ajuntament de Xalo\",\"description\":\"(Valenci\u00e0) Ajuntament de Xal\u00f3\",\"publisher\":{\"@id\":\"https:\\\/\\\/www.xalo.org\\\/#organization\"},\"potentialAction\":[{\"@type\":\"SearchAction\",\"target\":{\"@type\":\"EntryPoint\",\"urlTemplate\":\"https:\\\/\\\/www.xalo.org\\\/?s={search_term_string}\"},\"query-input\":{\"@type\":\"PropertyValueSpecification\",\"valueRequired\":true,\"valueName\":\"search_term_string\"}}],\"inLanguage\":\"es\"},{\"@type\":\"Organization\",\"@id\":\"https:\\\/\\\/www.xalo.org\\\/#organization\",\"name\":\"Ajuntament de Xalo\",\"url\":\"https:\\\/\\\/www.xalo.org\\\/\",\"logo\":{\"@type\":\"ImageObject\",\"inLanguage\":\"es\",\"@id\":\"https:\\\/\\\/www.xalo.org\\\/#\\\/schema\\\/logo\\\/image\\\/\",\"url\":\"https:\\\/\\\/www.xalo.org\\\/wp-content\\\/uploads\\\/2015\\\/12\\\/logo.png\",\"contentUrl\":\"https:\\\/\\\/www.xalo.org\\\/wp-content\\\/uploads\\\/2015\\\/12\\\/logo.png\",\"width\":180,\"height\":172,\"caption\":\"Ajuntament de Xalo\"},\"image\":{\"@id\":\"https:\\\/\\\/www.xalo.org\\\/#\\\/schema\\\/logo\\\/image\\\/\"}}]}<\/script>\n<!-- \/ Yoast SEO plugin. -->","yoast_head_json":{"title":"[:va]Comer\u00e7[:es]Comercio[:en]Commercial sector[:] - Ayto. Xal\u00f3","robots":{"index":"index","follow":"follow","max-snippet":"max-snippet:-1","max-image-preview":"max-image-preview:large","max-video-preview":"max-video-preview:-1"},"canonical":"https:\/\/www.xalo.org\/el-ayuntamiento\/regidories\/comerc-i-artesania\/","og_locale":"es_ES","og_type":"article","og_title":"[:va]Comer\u00e7[:es]Comercio[:en]Commercial sector[:] - Ayto. Xal\u00f3","og_description":"Rastro, cada s\u00e1bado por la ma\u00f1ana Mercat de la Terra Todos los s\u00e1bados por la ma\u00f1ana excepto en los meses de julio y agosto en los que se celebra en horario de 19 a 23 horas. Un mercado centrado en l&#8217;agricultura ecol\u00f3gica y en productos tradicionales de la tierra. Tomates, lechugas, huevos, vino, mistela ecol\u00f3gicos, [&hellip;]","og_url":"https:\/\/www.xalo.org\/el-ayuntamiento\/regidories\/comerc-i-artesania\/","og_site_name":"Ayto. Xal\u00f3","article_modified_time":"2022-07-12T14:45:38+00:00","og_image":[{"width":1000,"height":1000,"url":"https:\/\/www.xalo.org\/wp-content\/uploads\/2013\/09\/IMG_7385.jpg","type":"image\/jpeg"}],"twitter_card":"summary_large_image","twitter_misc":{"Tiempo de lectura":"1 minuto"},"schema":{"@context":"https:\/\/schema.org","@graph":[{"@type":"WebPage","@id":"https:\/\/www.xalo.org\/el-ayuntamiento\/regidories\/comerc-i-artesania\/","url":"https:\/\/www.xalo.org\/el-ayuntamiento\/regidories\/comerc-i-artesania\/","name":"[:va]Comer\u00e7[:es]Comercio[:en]Commercial sector[:] - Ayto. Xal\u00f3","isPartOf":{"@id":"https:\/\/www.xalo.org\/#website"},"primaryImageOfPage":{"@id":"https:\/\/www.xalo.org\/el-ayuntamiento\/regidories\/comerc-i-artesania\/#primaryimage"},"image":{"@id":"https:\/\/www.xalo.org\/el-ayuntamiento\/regidories\/comerc-i-artesania\/#primaryimage"},"thumbnailUrl":"https:\/\/www.xalo.org\/wp-content\/uploads\/2013\/09\/IMG_7385.jpg","datePublished":"2013-09-24T06:38:49+00:00","dateModified":"2022-07-12T14:45:38+00:00","breadcrumb":{"@id":"https:\/\/www.xalo.org\/el-ayuntamiento\/regidories\/comerc-i-artesania\/#breadcrumb"},"inLanguage":"es","potentialAction":[{"@type":"ReadAction","target":["https:\/\/www.xalo.org\/el-ayuntamiento\/regidories\/comerc-i-artesania\/"]}]},{"@type":"ImageObject","inLanguage":"es","@id":"https:\/\/www.xalo.org\/el-ayuntamiento\/regidories\/comerc-i-artesania\/#primaryimage","url":"https:\/\/www.xalo.org\/wp-content\/uploads\/2013\/09\/IMG_7385.jpg","contentUrl":"https:\/\/www.xalo.org\/wp-content\/uploads\/2013\/09\/IMG_7385.jpg","width":1000,"height":1000},{"@type":"BreadcrumbList","@id":"https:\/\/www.xalo.org\/el-ayuntamiento\/regidories\/comerc-i-artesania\/#breadcrumb","itemListElement":[{"@type":"ListItem","position":1,"name":"Home","item":"https:\/\/www.xalo.org\/"},{"@type":"ListItem","position":2,"name":"El Ayuntamiento","item":"https:\/\/www.xalo.org\/es\/el-ayuntamiento\/"},{"@type":"ListItem","position":3,"name":"Concejal\u00edas","item":"https:\/\/www.xalo.org\/el-ayuntamiento\/regidories\/"},{"@type":"ListItem","position":4,"name":"Commercial sector"}]},{"@type":"WebSite","@id":"https:\/\/www.xalo.org\/#website","url":"https:\/\/www.xalo.org\/","name":"Ajuntament de Xalo","description":"(Valenci\u00e0) Ajuntament de Xal\u00f3","publisher":{"@id":"https:\/\/www.xalo.org\/#organization"},"potentialAction":[{"@type":"SearchAction","target":{"@type":"EntryPoint","urlTemplate":"https:\/\/www.xalo.org\/?s={search_term_string}"},"query-input":{"@type":"PropertyValueSpecification","valueRequired":true,"valueName":"search_term_string"}}],"inLanguage":"es"},{"@type":"Organization","@id":"https:\/\/www.xalo.org\/#organization","name":"Ajuntament de Xalo","url":"https:\/\/www.xalo.org\/","logo":{"@type":"ImageObject","inLanguage":"es","@id":"https:\/\/www.xalo.org\/#\/schema\/logo\/image\/","url":"https:\/\/www.xalo.org\/wp-content\/uploads\/2015\/12\/logo.png","contentUrl":"https:\/\/www.xalo.org\/wp-content\/uploads\/2015\/12\/logo.png","width":180,"height":172,"caption":"Ajuntament de Xalo"},"image":{"@id":"https:\/\/www.xalo.org\/#\/schema\/logo\/image\/"}}]}},"_links":{"self":[{"href":"https:\/\/www.xalo.org\/es\/wp-json\/wp\/v2\/pages\/824","targetHints":{"allow":["GET"]}}],"collection":[{"href":"https:\/\/www.xalo.org\/es\/wp-json\/wp\/v2\/pages"}],"about":[{"href":"https:\/\/www.xalo.org\/es\/wp-json\/wp\/v2\/types\/page"}],"author":[{"embeddable":true,"href":"https:\/\/www.xalo.org\/es\/wp-json\/wp\/v2\/users\/1"}],"replies":[{"embeddable":true,"href":"https:\/\/www.xalo.org\/es\/wp-json\/wp\/v2\/comments?post=824"}],"version-history":[{"count":0,"href":"https:\/\/www.xalo.org\/es\/wp-json\/wp\/v2\/pages\/824\/revisions"}],"up":[{"embeddable":true,"href":"https:\/\/www.xalo.org\/es\/wp-json\/wp\/v2\/pages\/409"}],"wp:featuredmedia":[{"embeddable":true,"href":"https:\/\/www.xalo.org\/es\/wp-json\/wp\/v2\/media\/2447"}],"wp:attachment":[{"href":"https:\/\/www.xalo.org\/es\/wp-json\/wp\/v2\/media?parent=824"}],"curies":[{"name":"wp","href":"https:\/\/api.w.org\/{rel}","templated":true}]}}