{"id":851,"date":"2013-09-24T09:50:11","date_gmt":"2013-09-24T07:50:11","guid":{"rendered":"https:\/\/www.xalo.org\/?page_id=851"},"modified":"2025-02-11T17:14:41","modified_gmt":"2025-02-11T16:14:41","slug":"contactar","status":"publish","type":"page","link":"https:\/\/www.xalo.org\/es\/contactar\/","title":{"rendered":"Contactar"},"content":{"rendered":"<p><strong>Ayuntamiento de Xal\u00f3<\/strong>:<\/p>\n<ul>\n<li>Direcci\u00f3n: Carrer L&#8217;Esgl\u00e9sia 27<\/li>\n<\/ul>\n<ul>\n<li>Por correos: C\/ L&#8217;Esgl\u00e9sia, 27 &#8211; C.P. 03727 &#8211; Xal\u00f3 (Alacant)<\/li>\n<\/ul>\n<ul>\n<li>Por tel\u00e9fono: 966 48 01 01 &#8211; 966 48 05 11 &#8211; 966 48 01 12<\/li>\n<\/ul>\n<ul>\n<li>Por e-mail: <a href=\"mailto:info@xalo.org\">info@xalo.org<\/a><\/li>\n<\/ul>\n<p><strong>Horario:<\/strong><\/p>\n<ul>\n<li>Ayuntamiento: de lunes a viernes de 9:30 a 14:00\u00a0 o por e-mail: <a href=\"mailto:info@xalo.org\">info@xalo.org<\/a><\/li>\n<\/ul>\n<ul>\n<li>Alcalde: lunes, miercoles y viernes de 11:00 a 12:00 o por e-mail <a href=\"mailto:alcaldia@xalo.org\">alcaldia@xalo.org<\/a><\/li>\n<\/ul>\n<ul>\n<li>Secretario-Interventor: de lunes a viernes de 11:00 a 14:00 o por e-mail <a href=\"mailto:secretaria@xalo.org\">secretaria@xalo.org<\/a><\/li>\n<\/ul>\n<ul>\n<li>Aparejador: lunes, miercoles y viernes de 12:00 a 14:00 o por e-mail <a href=\"mailto:aparellador@xalo.org\">aparellador@xalo.org<\/a><\/li>\n<\/ul>\n<ul>\n<li>Servicios sociales: mi\u00e9rcoles de 9:30 a 13:00<\/li>\n<\/ul>\n<ul>\n<li>SUMA: Tercer viernes de cada mes de 11:00 a 13:30<\/li>\n<li>Monitor de deportes: Juan Miguel Femenia Escribano: de martes a viernes de 10:00 a 11:00 o por e-mail: <a href=\"mailto:esports@xalo.org\">esports@xalo.org<\/a><\/li>\n<\/ul>\n<ul>\n<li>Resto de concejales y concejalas:<\/li>\n<\/ul>\n<p style=\"padding-left: 60px;\">Directamente al email de la concejal\u00eda (estos correos electr\u00f3nicos est\u00e1n en la p\u00e1gina de concejal\u00edas) o, bien, a <a rel=\"noopener\" data-start=\"166\" data-end=\"179\">info@xalo.org<\/a>, indicando el asunto.<\/p>\n<ul>\n<li>Polic\u00eda Local Xal\u00f3:\n<ul>\n<li>Tel\u00e9fono: 619 22 39 96<\/li>\n<li>Email: <a href=\"mailto:policialocalxalo@hotmail.com\">policialocalxalo@hotmail.com<\/a><\/li>\n<\/ul>\n<\/li>\n<\/ul>\n<p><\/p>","protected":false},"excerpt":{"rendered":"<p>Ayuntamiento de Xal\u00f3: Direcci\u00f3n: Carrer L&#8217;Esgl\u00e9sia 27 Por correos: C\/ L&#8217;Esgl\u00e9sia, 27 &#8211; C.P. 03727 &#8211; Xal\u00f3 (Alacant) Por tel\u00e9fono: 966 48 01 01 &#8211; 966 48 05 11 &#8211; 966 48 01 12 Por e-mail: info@xalo.org Horario: Ayuntamiento: de lunes a viernes de 9:30 a 14:00\u00a0 o por e-mail: info@xalo.org Alcalde: lunes, miercoles y [&hellip;]<\/p>\n","protected":false},"author":1,"featured_media":0,"parent":0,"menu_order":0,"comment_status":"closed","ping_status":"closed","template":"","meta":{"_et_pb_use_builder":"","_et_pb_old_content":"","_et_gb_content_width":"","_uf_show_specific_survey":0,"_uf_disable_surveys":false,"footnotes":""},"class_list":["post-851","page","type-page","status-publish","hentry"],"yoast_head":"<!-- This site is optimized with the Yoast SEO plugin v28.3 - https:\/\/yoast.com\/product\/yoast-seo-wordpress\/ -->\n<title>Contactar - Ayto. Xal\u00f3<\/title>\n<meta name=\"robots\" content=\"index, follow, max-snippet:-1, max-image-preview:large, max-video-preview:-1\" \/>\n<link rel=\"canonical\" href=\"https:\/\/www.xalo.org\/es\/contactar\/\" \/>\n<meta property=\"og:locale\" content=\"es_ES\" \/>\n<meta property=\"og:type\" content=\"article\" \/>\n<meta property=\"og:title\" content=\"[:va]Contactar[:es]Contactar[:en]Make contact[:] - Ayto. Xal\u00f3\" \/>\n<meta property=\"og:description\" content=\"Ayuntamiento de Xal\u00f3: Direcci\u00f3n: Carrer L&#8217;Esgl\u00e9sia 27 Por correos: C\/ L&#8217;Esgl\u00e9sia, 27 &#8211; C.P. 03727 &#8211; Xal\u00f3 (Alacant) Por tel\u00e9fono: 966 48 01 01 &#8211; 966 48 05 11 &#8211; 966 48 01 12 Por e-mail: info@xalo.org Horario: Ayuntamiento: de lunes a viernes de 9:30 a 14:00\u00a0 o por e-mail: info@xalo.org Alcalde: lunes, miercoles y [&hellip;]\" \/>\n<meta property=\"og:url\" content=\"https:\/\/www.xalo.org\/es\/contactar\/\" \/>\n<meta property=\"og:site_name\" content=\"Ayto. Xal\u00f3\" \/>\n<meta property=\"article:modified_time\" content=\"2025-02-11T16:14:41+00:00\" \/>\n<meta property=\"og:image\" content=\"https:\/\/www.xalo.org\/wp-content\/uploads\/2023\/06\/versio-alineada-esq-blau.jpg\" \/>\n\t<meta property=\"og:image:width\" content=\"1781\" \/>\n\t<meta property=\"og:image:height\" content=\"615\" \/>\n\t<meta property=\"og:image:type\" content=\"image\/jpeg\" \/>\n<meta name=\"twitter:card\" content=\"summary_large_image\" \/>\n<meta name=\"twitter:label1\" content=\"Tiempo de lectura\" \/>\n\t<meta name=\"twitter:data1\" content=\"2 minutos\" \/>\n<script type=\"application\/ld+json\" class=\"yoast-schema-graph\">{\"@context\":\"https:\\\/\\\/schema.org\",\"@graph\":[{\"@type\":\"WebPage\",\"@id\":\"https:\\\/\\\/www.xalo.org\\\/es\\\/contactar\\\/\",\"url\":\"https:\\\/\\\/www.xalo.org\\\/es\\\/contactar\\\/\",\"name\":\"[:va]Contactar[:es]Contactar[:en]Make contact[:] - Ayto. Xal\u00f3\",\"isPartOf\":{\"@id\":\"https:\\\/\\\/www.xalo.org\\\/#website\"},\"datePublished\":\"2013-09-24T07:50:11+00:00\",\"dateModified\":\"2025-02-11T16:14:41+00:00\",\"breadcrumb\":{\"@id\":\"https:\\\/\\\/www.xalo.org\\\/es\\\/contactar\\\/#breadcrumb\"},\"inLanguage\":\"es\",\"potentialAction\":[{\"@type\":\"ReadAction\",\"target\":[\"https:\\\/\\\/www.xalo.org\\\/es\\\/contactar\\\/\"]}]},{\"@type\":\"BreadcrumbList\",\"@id\":\"https:\\\/\\\/www.xalo.org\\\/es\\\/contactar\\\/#breadcrumb\",\"itemListElement\":[{\"@type\":\"ListItem\",\"position\":1,\"name\":\"Home\",\"item\":\"https:\\\/\\\/www.xalo.org\\\/\"},{\"@type\":\"ListItem\",\"position\":2,\"name\":\"Contactar\"}]},{\"@type\":\"WebSite\",\"@id\":\"https:\\\/\\\/www.xalo.org\\\/#website\",\"url\":\"https:\\\/\\\/www.xalo.org\\\/\",\"name\":\"Ajuntament de Xalo\",\"description\":\"(Valenci\u00e0) Ajuntament de Xal\u00f3\",\"publisher\":{\"@id\":\"https:\\\/\\\/www.xalo.org\\\/#organization\"},\"potentialAction\":[{\"@type\":\"SearchAction\",\"target\":{\"@type\":\"EntryPoint\",\"urlTemplate\":\"https:\\\/\\\/www.xalo.org\\\/?s={search_term_string}\"},\"query-input\":{\"@type\":\"PropertyValueSpecification\",\"valueRequired\":true,\"valueName\":\"search_term_string\"}}],\"inLanguage\":\"es\"},{\"@type\":\"Organization\",\"@id\":\"https:\\\/\\\/www.xalo.org\\\/#organization\",\"name\":\"Ajuntament de Xalo\",\"url\":\"https:\\\/\\\/www.xalo.org\\\/\",\"logo\":{\"@type\":\"ImageObject\",\"inLanguage\":\"es\",\"@id\":\"https:\\\/\\\/www.xalo.org\\\/#\\\/schema\\\/logo\\\/image\\\/\",\"url\":\"https:\\\/\\\/www.xalo.org\\\/wp-content\\\/uploads\\\/2015\\\/12\\\/logo.png\",\"contentUrl\":\"https:\\\/\\\/www.xalo.org\\\/wp-content\\\/uploads\\\/2015\\\/12\\\/logo.png\",\"width\":180,\"height\":172,\"caption\":\"Ajuntament de Xalo\"},\"image\":{\"@id\":\"https:\\\/\\\/www.xalo.org\\\/#\\\/schema\\\/logo\\\/image\\\/\"}}]}<\/script>\n<!-- \/ Yoast SEO plugin. -->","yoast_head_json":{"title":"[:va]Contactar[:es]Contactar[:en]Make contact[:] - Ayto. Xal\u00f3","robots":{"index":"index","follow":"follow","max-snippet":"max-snippet:-1","max-image-preview":"max-image-preview:large","max-video-preview":"max-video-preview:-1"},"canonical":"https:\/\/www.xalo.org\/es\/contactar\/","og_locale":"es_ES","og_type":"article","og_title":"[:va]Contactar[:es]Contactar[:en]Make contact[:] - Ayto. Xal\u00f3","og_description":"Ayuntamiento de Xal\u00f3: Direcci\u00f3n: Carrer L&#8217;Esgl\u00e9sia 27 Por correos: C\/ L&#8217;Esgl\u00e9sia, 27 &#8211; C.P. 03727 &#8211; Xal\u00f3 (Alacant) Por tel\u00e9fono: 966 48 01 01 &#8211; 966 48 05 11 &#8211; 966 48 01 12 Por e-mail: info@xalo.org Horario: Ayuntamiento: de lunes a viernes de 9:30 a 14:00\u00a0 o por e-mail: info@xalo.org Alcalde: lunes, miercoles y [&hellip;]","og_url":"https:\/\/www.xalo.org\/es\/contactar\/","og_site_name":"Ayto. Xal\u00f3","article_modified_time":"2025-02-11T16:14:41+00:00","og_image":[{"width":1781,"height":615,"url":"https:\/\/www.xalo.org\/wp-content\/uploads\/2023\/06\/versio-alineada-esq-blau.jpg","type":"image\/jpeg"}],"twitter_card":"summary_large_image","twitter_misc":{"Tiempo de lectura":"2 minutos"},"schema":{"@context":"https:\/\/schema.org","@graph":[{"@type":"WebPage","@id":"https:\/\/www.xalo.org\/es\/contactar\/","url":"https:\/\/www.xalo.org\/es\/contactar\/","name":"[:va]Contactar[:es]Contactar[:en]Make contact[:] - Ayto. Xal\u00f3","isPartOf":{"@id":"https:\/\/www.xalo.org\/#website"},"datePublished":"2013-09-24T07:50:11+00:00","dateModified":"2025-02-11T16:14:41+00:00","breadcrumb":{"@id":"https:\/\/www.xalo.org\/es\/contactar\/#breadcrumb"},"inLanguage":"es","potentialAction":[{"@type":"ReadAction","target":["https:\/\/www.xalo.org\/es\/contactar\/"]}]},{"@type":"BreadcrumbList","@id":"https:\/\/www.xalo.org\/es\/contactar\/#breadcrumb","itemListElement":[{"@type":"ListItem","position":1,"name":"Home","item":"https:\/\/www.xalo.org\/"},{"@type":"ListItem","position":2,"name":"Contactar"}]},{"@type":"WebSite","@id":"https:\/\/www.xalo.org\/#website","url":"https:\/\/www.xalo.org\/","name":"Ajuntament de Xalo","description":"(Valenci\u00e0) Ajuntament de Xal\u00f3","publisher":{"@id":"https:\/\/www.xalo.org\/#organization"},"potentialAction":[{"@type":"SearchAction","target":{"@type":"EntryPoint","urlTemplate":"https:\/\/www.xalo.org\/?s={search_term_string}"},"query-input":{"@type":"PropertyValueSpecification","valueRequired":true,"valueName":"search_term_string"}}],"inLanguage":"es"},{"@type":"Organization","@id":"https:\/\/www.xalo.org\/#organization","name":"Ajuntament de Xalo","url":"https:\/\/www.xalo.org\/","logo":{"@type":"ImageObject","inLanguage":"es","@id":"https:\/\/www.xalo.org\/#\/schema\/logo\/image\/","url":"https:\/\/www.xalo.org\/wp-content\/uploads\/2015\/12\/logo.png","contentUrl":"https:\/\/www.xalo.org\/wp-content\/uploads\/2015\/12\/logo.png","width":180,"height":172,"caption":"Ajuntament de Xalo"},"image":{"@id":"https:\/\/www.xalo.org\/#\/schema\/logo\/image\/"}}]}},"_links":{"self":[{"href":"https:\/\/www.xalo.org\/es\/wp-json\/wp\/v2\/pages\/851","targetHints":{"allow":["GET"]}}],"collection":[{"href":"https:\/\/www.xalo.org\/es\/wp-json\/wp\/v2\/pages"}],"about":[{"href":"https:\/\/www.xalo.org\/es\/wp-json\/wp\/v2\/types\/page"}],"author":[{"embeddable":true,"href":"https:\/\/www.xalo.org\/es\/wp-json\/wp\/v2\/users\/1"}],"replies":[{"embeddable":true,"href":"https:\/\/www.xalo.org\/es\/wp-json\/wp\/v2\/comments?post=851"}],"version-history":[{"count":0,"href":"https:\/\/www.xalo.org\/es\/wp-json\/wp\/v2\/pages\/851\/revisions"}],"wp:attachment":[{"href":"https:\/\/www.xalo.org\/es\/wp-json\/wp\/v2\/media?parent=851"}],"curies":[{"name":"wp","href":"https:\/\/api.w.org\/{rel}","templated":true}]}}